{"id":27,"date":"2012-03-14T00:54:00","date_gmt":"2012-03-13T23:54:00","guid":{"rendered":"http:\/\/web131.can23.de\/?page_id=27"},"modified":"2025-06-06T12:08:44","modified_gmt":"2025-06-06T10:08:44","slug":"preise-und-daten","status":"publish","type":"page","link":"https:\/\/www.fewo-huf.de\/?page_id=27","title":{"rendered":"Preise und Daten"},"content":{"rendered":"<p><strong>Hinweis: Buchung erst ab drei N\u00e4chten m\u00f6glich!<\/strong><\/p>\n<table border=\"0\" width=\"100%\" cellspacing=\"0\">\n<tbody>\n<tr>\n<td colspan=\"2\" width=\"65%\"><strong>Preise:<\/strong><\/td>\n<\/tr>\n<tr>\n<td valign=\"middle\" width=\"65%\">Grundpreis f\u00fcr<br \/>2 Personen\/Tag:<\/td>\n<td valign=\"bottom\">\u20ac 50,-<\/td>\n<\/tr>\n<tr>\n<td valign=\"top\" width=\"65%\">Je weitere Person\/Tag:<\/td>\n<td valign=\"top\">\u20ac 15,-<\/td>\n<\/tr>\n<tr>\n<td colspan=\"2\"><hr \/><\/td>\n<\/tr>\n<tr>\n<td colspan=\"2\" width=\"65%\"><strong>Ferienwohnung<\/strong><\/td>\n<\/tr>\n<tr>\n<td width=\"65%\">Gr\u00f6\u00dfe in m\u00b2:<\/td>\n<td align=\"center\">80<\/td>\n<\/tr>\n<tr>\n<td width=\"65%\">Lage:<\/td>\n<td align=\"center\">1. OG<\/td>\n<\/tr>\n<tr>\n<td width=\"65%\">Betten:<\/td>\n<td align=\"center\">4 Schlafgelegenheiten: <br \/>1 Doppelbett \/ 2 Einzelbetten<\/td>\n<\/tr>\n<tr>\n<td width=\"65%\">Babybett auf Anfrage:<\/td>\n<td align=\"center\">ja<\/td>\n<\/tr>\n<tr>\n<td width=\"65%\">\u00a0<\/td>\n<td align=\"center\">\u00a0<\/td>\n<\/tr>\n<tr>\n<td width=\"65%\">Fremdsprachen:<\/td>\n<td align=\"center\">Englisch \/ English, Franz\u00f6sisch \/ Francais, Spanisch \/ Espanol<\/td>\n<\/tr>\n<tr>\n<td colspan=\"2\"><hr \/><\/td>\n<\/tr>\n<tr>\n<td colspan=\"2\" width=\"65%\"><strong>Ausstattung<\/strong><\/td>\n<\/tr>\n<tr>\n<td align=\"left\">Dusche, Bad und WC<br \/>Wohn-\/Schlafraum getrennt<br \/>Nebenzimmer, Aufenthaltsraum<br \/>Babybett m\u00f6glich<br \/>K\u00fcche\/Wohnk\u00fcche<br \/>Liege- und\/oder Spielwiese am Haus<br \/>Internet-Zugang (Highspeed WLAN 16MBit)<br \/>Parkplatz<br \/>Bettw\u00e4sche, Handt\u00fccher vorhanden<br \/>Waschmaschine<br \/>Geschirrsp\u00fclmaschine<br \/>Nichtraucher<\/td>\n<\/tr>\n<\/tbody>\n<\/table>\n\n\n<p>Stand: Januar 2022<\/p>\n","protected":false},"excerpt":{"rendered":"<p>Hinweis: Buchung erst ab drei N\u00e4chten m\u00f6glich! Preise: Grundpreis f\u00fcr2 Personen\/Tag: \u20ac 50,- Je weitere Person\/Tag: \u20ac 15,- Ferienwohnung Gr\u00f6\u00dfe in m\u00b2: 80 Lage: 1. OG Betten: 4 Schlafgelegenheiten: 1 Doppelbett \/ 2 Einzelbetten Babybett auf Anfrage: ja \u00a0 \u00a0 &hellip; <a href=\"https:\/\/www.fewo-huf.de\/?page_id=27\">Weiterlesen <span class=\"meta-nav\">&rarr;<\/span><\/a><\/p>\n","protected":false},"author":1,"featured_media":0,"parent":0,"menu_order":0,"comment_status":"closed","ping_status":"closed","template":"","meta":{"_monsterinsights_skip_tracking":false,"_monsterinsights_sitenote_active":false,"_monsterinsights_sitenote_note":"","_monsterinsights_sitenote_category":0,"footnotes":""},"class_list":["post-27","page","type-page","status-publish","hentry"],"aioseo_notices":[],"_links":{"self":[{"href":"https:\/\/www.fewo-huf.de\/index.php?rest_route=\/wp\/v2\/pages\/27","targetHints":{"allow":["GET"]}}],"collection":[{"href":"https:\/\/www.fewo-huf.de\/index.php?rest_route=\/wp\/v2\/pages"}],"about":[{"href":"https:\/\/www.fewo-huf.de\/index.php?rest_route=\/wp\/v2\/types\/page"}],"author":[{"embeddable":true,"href":"https:\/\/www.fewo-huf.de\/index.php?rest_route=\/wp\/v2\/users\/1"}],"replies":[{"embeddable":true,"href":"https:\/\/www.fewo-huf.de\/index.php?rest_route=%2Fwp%2Fv2%2Fcomments&post=27"}],"version-history":[{"count":13,"href":"https:\/\/www.fewo-huf.de\/index.php?rest_route=\/wp\/v2\/pages\/27\/revisions"}],"predecessor-version":[{"id":71,"href":"https:\/\/www.fewo-huf.de\/index.php?rest_route=\/wp\/v2\/pages\/27\/revisions\/71"}],"wp:attachment":[{"href":"https:\/\/www.fewo-huf.de\/index.php?rest_route=%2Fwp%2Fv2%2Fmedia&parent=27"}],"curies":[{"name":"wp","href":"https:\/\/api.w.org\/{rel}","templated":true}]}}